{"id":261,"date":"2025-10-15T15:07:05","date_gmt":"2025-10-15T15:07:05","guid":{"rendered":"https:\/\/www.atisadesign.com\/?page_id=261"},"modified":"2025-10-19T20:22:17","modified_gmt":"2025-10-19T20:22:17","slug":"zasady-ochrany-osobnych-udajov","status":"publish","type":"page","link":"https:\/\/www.atisadesign.com\/sk\/zasady-ochrany-osobnych-udajov","title":{"rendered":"Z\u00e1sady ochrany osobn\u00fdch \u00fadajov"},"content":{"rendered":"<div id=\"fws_6a9a24b7b187f\"  data-column-margin=\"default\" data-midnight=\"dark\"  class=\"wpb_row vc_row-fluid vc_row\"  style=\"padding-top: 0px; padding-bottom: 0px; \"><div class=\"row-bg-wrap\" data-bg-animation=\"none\" data-bg-animation-delay=\"\" data-bg-overlay=\"false\"><div class=\"inner-wrap row-bg-layer\" ><div class=\"row-bg viewport-desktop\"  style=\"\"><\/div><\/div><\/div><div class=\"row_col_wrap_12 col span_12 dark left\">\n\t<div  class=\"vc_col-sm-12 wpb_column column_container vc_column_container col no-extra-padding inherit_tablet inherit_phone\"  data-padding-pos=\"all\" data-has-bg-color=\"false\" data-bg-color=\"\" data-bg-opacity=\"1\" data-animation=\"\" data-delay=\"0\" >\n\t\t<div class=\"vc_column-inner\" >\n\t\t\t<div class=\"wpb_wrapper\">\n\t\t\t\t\n<div class=\"wpb_text_column wpb_content_element\" >\n\t<div class=\"wpb_wrapper\">\n\t\t<h1 class=\"p2\"><b>Z\u00e1sady ochrany osobn\u00fdch \u00fadajov<\/b><\/h1>\n<p class=\"p4\">Osobn\u00e9 \u00fadaje sprac\u00favame v\u00a0s\u00falade s Nariaden\u00edm Eur\u00f3pskeho parlamentu a\u00a0rady \u010d. 2016\/679 o\u00a0ochrane fyzick\u00fdch os\u00f4b pri sprac\u00favan\u00ed osobn\u00fdch \u00fadajov a\u00a0o\u00a0vo\u013enom pohybe tak\u00fdchto \u00fadajov (\u010falej len \u201eGDPR\u201c) a\u00a0z\u00e1konom \u010d. 18\/2018 Z.\u00a0z. o\u00a0ochrane osobn\u00fdch \u00fadajov (\u010falej len \u201ez\u00e1kon o OOU\u201c). Bezpe\u010dnos\u0165 osobn\u00fdch \u00fadajov a\u00a0ich sprac\u00favanie z\u00e1konn\u00fdm sp\u00f4sobom je pre n\u00e1s prvorad\u00e9. Tu sa dozviete, ako va\u0161e osobn\u00e9 \u00fadaje sprac\u00favame a ako dosiahneme ich bezpe\u010dnos\u0165.<\/p>\n<p class=\"p5\"><b><span class=\"Apple-converted-space\">\u00a0\u00a0 \u00a0 \u00a0 \u00a0 \u00a0 \u00a0 \u00a0 \u00a0 \u00a0 \u00a0 \u00a0 \u00a0 \u00a0 \u00a0 \u00a0 \u00a0 \u00a0 \u00a0 \u00a0 \u00a0 \u00a0 \u00a0 \u00a0 \u00a0 \u00a0 \u00a0 \u00a0 \u00a0 \u00a0 \u00a0 \u00a0 \u00a0 \u00a0 \u00a0 \u00a0 \u00a0 \u00a0 \u00a0 \u00a0 \u00a0 <\/span><\/b><\/p>\n<ol class=\"ol1\">\n<li class=\"li6\"><b>NA\u0160E \u00daDAJE <\/b><\/li>\n<\/ol>\n<p class=\"p7\"><b>Kto sme?<\/b><\/p>\n<p class=\"p8\">Osobn\u00e9 \u00fadaje sprac\u00fava<\/p>\n<p class=\"p9\">Obchodn\u00e9 meno: <b>ATISA, s.r.o.<\/b><\/p>\n<p class=\"p9\">Reg.: v\u00a0Obchodnom registri Mestsk\u00e9ho s\u00fadu Bratislava III, odd. Sro, vl. \u010d. 41715\/B<b>\u00a0<\/b><\/p>\n<p class=\"p9\">S\u00eddlo: Francisciho\u00a02,\u00a0Bratislava\u00a0811 08<\/p>\n<p class=\"p9\">I\u010cO: <span class=\"s1\">36 659 339<\/span><\/p>\n<p class=\"p9\">DI\u010c: <span class=\"s1\">2022224633<\/span><\/p>\n<p class=\"p9\">I\u010c DPH: SK<span class=\"s1\">2022224633<\/span><\/p>\n<p class=\"p9\">zast.: Ing. Miros<b>l<\/b>av\u00a0Kub\u016f, konate\u013e<\/p>\n<p class=\"p9\">E-mail: info@atisadesign.com<\/p>\n<p class=\"p9\">Tel. \u010d: +421 903 109 655<\/p>\n<p class=\"p7\">(\u010falej len \u201eprev\u00e1dzkovate\u013e\u201c).<\/p>\n<ol class=\"ol1\">\n<li class=\"li6\"><b>KATEG\u00d3RIE OSOBN\u00ddCH \u00daDAJOV, \u00da\u010cEL,\u00a0PR\u00c1VNY Z\u00c1KLAD A\u00a0OBDOBIE<\/b><\/li>\n<\/ol>\n<p class=\"p7\"><b>Ak\u00e9 osobn\u00e9 \u00fadaje sprac\u00favame, na ak\u00fd \u00fa\u010del, na akom pr\u00e1vnom z\u00e1klade a na ak\u00e9 obdobie?<\/b><\/p>\n<p class=\"p7\">Sprac\u00favame len tie osobn\u00e9 \u00fadaje, ktor\u00e9 nevyhnutne potrebujeme na dosiahnutie stanoven\u00e9ho \u00fa\u010delu. Osobn\u00e9 \u00fadaje sprac\u00favame na tento \u00fa\u010del:<\/p>\n<p class=\"p7\"><b>\u00da\u010dtovn\u00e1 agenda<\/b><\/p>\n<p class=\"p7\">Osobn\u00e9 \u00fadaje dod\u00e1vate\u013eov, z\u00e1kazn\u00edkov a\u00a0ich kontaktn\u00fdch os\u00f4b sprac\u00favame v\u00a0rozsahu meno, priezvisko, adresa, \u010d\u00edslo bankov\u00e9ho \u00fa\u010dtu, tel. \u010d., e-mail a \u00fadaje o zaplaten\u00ed<span class=\"Apple-converted-space\">\u00a0 <\/span>na \u00fa\u010dely vedenia \u00fa\u010dtovn\u00edctva a\u00a0plnenia si povinnost\u00ed vypl\u00fdvaj\u00facich zo z\u00e1kona o\u00a0\u00fa\u010dtovn\u00edctve a\u00a0in\u00fdch relevantn\u00fdch pr\u00e1vnych predpisov. Pr\u00e1vnym z\u00e1kladom na sprac\u00favanie osobn\u00fdch \u00fadajov je plnenie z\u00e1konn\u00fdch povinnost\u00ed. \u00da\u010dtovn\u00e9 doklady uchov\u00e1vame 10 rokov.<\/p>\n<p class=\"p7\"><b>Dod\u00e1vate\u013esk\u00e9 zmluvy<\/b><\/p>\n<p class=\"p7\">Osobn\u00e9 \u00fadaje dod\u00e1vate\u013eov a\u00a0ich kontaktn\u00fdch os\u00f4b sprac\u00favame v\u00a0rozsahu meno, priezvisko, adresa, tel. \u010d., e-mail, \u010d\u00edslo bankov\u00e9ho \u00fa\u010dtu, \u00fadaje o objedn\u00e1vkach a platb\u00e1ch na \u00fa\u010dely uzatvorenia a\u00a0plnenia zmluvy a vedenia evidencie dod\u00e1vate\u013esk\u00fdch zml\u00fav. Pr\u00e1vnym z\u00e1kladom na sprac\u00favanie osobn\u00fdch \u00fadajov je plnenie zmluvy. Va\u0161e osobn\u00e9 \u00fadaje uchov\u00e1vame po\u010das trvania zmluvn\u00e9ho vz\u0165ahu a\u00a05 rokov po jeho ukon\u010den\u00ed pre pr\u00edpad, \u017ee by niektor\u00e1 zo zmluvn\u00fdch str\u00e1n uplatnila svoje n\u00e1roky. Komunik\u00e1ciu v\u00a0r\u00e1mci predzmluvn\u00fdch vz\u0165ahov uchov\u00e1vame 6 mesiacov.<\/p>\n<p class=\"p7\"><b>K\u00fapne zmluvy <\/b><\/p>\n<p class=\"p7\">Osobn\u00e9 \u00fadaje z\u00e1kazn\u00edkov sprac\u00favame v\u00a0rozsahu meno, priezvisko, n\u00e1zov firmy, faktura\u010dn\u00e1 adresa, dodacia adresa, predmet zmluvy, \u010d\u00edslo bankov\u00e9ho \u00fa\u010dtu, \u00fadaje o platb\u00e1ch, tel. \u010d. a e-mail, za \u00fa\u010delom prijatia a vybavenia objedn\u00e1vky. Pr\u00e1vnym z\u00e1kladom na ich sprac\u00favanie je plnenie zmluvy.<\/p>\n<p class=\"p7\">Osobn\u00e9 \u00fadaje z\u00e1ujemcov z\u00a0predzmluvnej komunik\u00e1cie za \u00fa\u010delom prijatia dopytu a\u00a0vytvorenia cenovej ponuky uchov\u00e1vame 6 mesiacov.<\/p>\n<p class=\"p7\">Osobn\u00e9 \u00fadaje sprac\u00favan\u00e9 na \u00fa\u010dely uzatvorenia a\u00a0plnenia zmluvy uchov\u00e1vame 5 rokov.<\/p>\n<p class=\"p7\"><b>Reklam\u00e1cie<\/b><\/p>\n<p class=\"p7\">Osobn\u00e9 \u00fadaje z\u00e1kazn\u00edkov v\u00a0rozsahu meno, priezvisko, faktura\u010dn\u00e1 adresa, predmet reklam\u00e1cie, \u010d\u00edslo bankov\u00e9ho \u00fa\u010dtu, tel. \u010d., e-mail a in\u00e9 osobn\u00e9 \u00fadaje nevyhnutn\u00e9 na vybavenie reklam\u00e1cie, sprac\u00favame za \u00fa\u010delom prijatia a vybavenia reklam\u00e1cie. Pr\u00e1vnym z\u00e1kladom na sprac\u00favanie t\u00fdchto osobn\u00fdch \u00fadajov je plnenie z\u00e1konnej povinnosti vypl\u00fdvaj\u00facej zo z\u00e1kona o ochrane spotrebite\u013ea.<\/p>\n<p class=\"p7\">Osobn\u00e9 \u00fadaje uchov\u00e1vame 5 rokov odo d\u0148a vybavenia reklam\u00e1cie.<\/p>\n<p class=\"p12\"><b>Kontaktn\u00fd formul\u00e1r <\/b><\/p>\n<p class=\"p12\">Osobn\u00e9 \u00fadaje z\u00e1ujemcov sprac\u00favame v\u00a0rozsahu meno, priezvisko, e-mail, predmet spr\u00e1vy na \u00fa\u010del prijatia a vybavenia v\u00e1\u0161ho dopytu. Pr\u00e1vnym z\u00e1kladom sprac\u00favania t\u00fdchto osobn\u00fdch \u00fadajov je plnenie zmluvy, resp.\u00a0predzmluvn\u00fdch vz\u0165ahov. Osobn\u00e9 \u00fadaje uchov\u00e1vame 6 mesiacov.<\/p>\n<p class=\"p12\"><b>Newsletter a priamy marketing<\/b><\/p>\n<p class=\"p12\">Osobn\u00e9 \u00fadaje os\u00f4b, ktor\u00e9 sa prihl\u00e1sili na odber newslettera prostredn\u00edctvom na to ur\u010den\u00e9ho formul\u00e1ra, sprac\u00favame v rozsahu meno, priezvisko, e-mail na pr\u00e1vnom z\u00e1klade s\u00fahlasu dotknutej osoby. Osobn\u00e9 \u00fadaje na\u0161ich z\u00e1kazn\u00edkov, pr\u00edp. in\u00fdch os\u00f4b, s ktor\u00fdmi m\u00e1me zmluvn\u00fd vz\u0165ah, sprac\u00favame za \u00fa\u010delom zasielania newslettera a realiz\u00e1cie aktiv\u00edt priameho marketingu na pr\u00e1vnom z\u00e1klade opr\u00e1vnen\u00e9ho z\u00e1ujmu, ktor\u00fdm je informovanie o aktivit\u00e1ch prev\u00e1dzkovate\u013ea, jeho ponuk\u00e1ch a akci\u00e1ch. Dotknut\u00e1 osoba m\u00f4\u017ee s\u00fahlas kedyko\u013evek odvola\u0165, pr\u00edp. namieta\u0165 sprac\u00favanie osobn\u00fdch \u00fadajov zaslan\u00edm p\u00edsomn\u00e9ho ozn\u00e1menia alebo odhl\u00e1sen\u00edm sa z newslettera. Osobn\u00e9 \u00fadaje sprac\u00favame po dobu 10 rokov.<\/p>\n<p class=\"p12\"><b>Spr\u00e1va soci\u00e1lnych siet\u00ed<\/b><\/p>\n<p class=\"p12\">Osobn\u00e9 \u00fadaje fan\u00fa\u0161ikov na\u0161ich ofici\u00e1lnych str\u00e1nok na soci\u00e1lnych sie\u0165ach sprac\u00favame na \u00fa\u010dely spr\u00e1vy soci\u00e1lnych siet\u00ed. Pr\u00e1vnym z\u00e1kladom na sprac\u00favanie osobn\u00fdch \u00fadajov je opr\u00e1vnen\u00fd z\u00e1ujem, ktor\u00fdm je prezent\u00e1cia prev\u00e1dzkovate\u013ea a\u00a0jeho slu\u017eieb prostredn\u00edctvom soci\u00e1lnych siet\u00ed. Osobn\u00e9 \u00fadaje spracov\u00e1vame po cel\u00fd \u010das, k\u00fdm ste fan\u00fa\u0161ikom na\u0161ej str\u00e1nky.<\/p>\n<p class=\"p12\"><b>Cookies<\/b><\/p>\n<p class=\"p12\">Cookies sprac\u00favame na zabezpe\u010denie funk\u010dnosti na\u0161ej webovej str\u00e1nky a jej jednoduch\u0161ieho pou\u017e\u00edvania a\u00a0na reklamn\u00e9 \u00fa\u010dely. Pr\u00e1vnym z\u00e1kladom na sprac\u00favanie cookies je v\u00e1\u0161 s\u00fahlas, ktor\u00fd n\u00e1m d\u00e1te zakliknut\u00edm pr\u00edslu\u0161n\u00e9ho tla\u010didla na cookies li\u0161te. Cookies uchov\u00e1vame 14 mesiacov. Viac o tom \u010do s\u00fa cookies a ako ich sprac\u00favame n\u00e1jdete v Inform\u00e1ci\u00e1ch o cookies,<\/p>\n<ol class=\"ol1\">\n<li class=\"li6\"><span class=\"s1\"><b>S\u00daHLAS<\/b><\/span><\/li>\n<\/ol>\n<p class=\"p12\">Vo vy\u0161\u0161ie uveden\u00fdch pr\u00edpadoch sprac\u00favame va\u0161e osobn\u00e9 \u00fadaje na pr\u00e1vnom z\u00e1klade s\u00fahlasu, t.j. len s va\u0161im s\u00fahlasom. Tento s\u00fahlas m\u00f4\u017eete kedyko\u013evek odvola\u0165, a to vymazan\u00edm u\u017e\u00edvate\u013esk\u00e9ho \u00fa\u010dtu, odhl\u00e1sen\u00edm sa z newslettera, zaslan\u00edm ozn\u00e1menia na n\u00e1\u0161 e-mail alebo v pr\u00edpade cookies zmenou nastavenia prehliada\u010da.<\/p>\n<ol class=\"ol1\">\n<li class=\"li6\"><span class=\"s1\"><b>PR\u00cdJEMCOVIA<\/b><\/span><\/li>\n<\/ol>\n<p class=\"p12\"><b>Komu poskytujeme Va\u0161e osobn\u00e9 \u00fadaje?<\/b><\/p>\n<p class=\"p12\">Osobn\u00e9 \u00fadaje poskytujeme tretej osobe, len ak n\u00e1m to vypl\u00fdva z\u00a0osobitn\u00e9ho z\u00e1kona alebo je to nevyhnutn\u00e9 na plnenie zmluvy. Ide najm\u00e4 o\u00a0org\u00e1ny verejnej spr\u00e1vy a\u00a0in\u00e9 opr\u00e1vnen\u00e9 subjekty.<\/p>\n<p class=\"p12\">Va\u0161e osobn\u00e9 \u00fadaje m\u00f4\u017eeme \u010falej poskytn\u00fa\u0165 sprostredkovate\u013eovi, ktor\u00fd n\u00e1m dod\u00e1va odborn\u00e9 a\u00a0\u0161pecializovan\u00e9 slu\u017eby. V pr\u00edpade, \u017ee pover\u00edme sprac\u00favan\u00edm osobn\u00fdch \u00fadajov sprostredkovate\u013ea, m\u00e1me s n\u00edm uzatvoren\u00fa<span class=\"Apple-converted-space\">\u00a0 <\/span>zmluvu o\u00a0sprac\u00favan\u00ed osobn\u00fdch \u00fadajov a\u00a0zaviazali sme ho ml\u010danlivos\u0165ou. Sprac\u00favan\u00edm va\u0161ich osobn\u00fdch \u00fadajov sme poverili t\u00fdchto sprostredkovate\u013eov:<\/p>\n<ul class=\"ul1\">\n<li class=\"li14\">\u00fa\u010dtovn\u00edcka firma<\/li>\n<li class=\"li14\">poskytovate\u013e online faktura\u010dn\u00e9ho syst\u00e9mu<\/li>\n<li class=\"li14\">poskytovate\u013e online syst\u00e9mu na rozosielanie e-mailov<\/li>\n<\/ul>\n<p class=\"p4\">Va\u0161e osobn\u00e9 \u00fadaje m\u00f4\u017eu by\u0165 za \u00fa\u010delom plnenia zmluvy poskytnut\u00e9 aj in\u00fdm osob\u00e1m, ako napr. dopravca, obchodn\u00fd partner zabezpe\u010duj\u00faci slu\u017eby s\u00favisiace so spr\u00e1vou eshopu a marketingu.<\/p>\n<ol class=\"ol1\">\n<li class=\"li6\"><b>TRETIE KRAJINY<\/b><\/li>\n<\/ol>\n<p class=\"p7\"><b>Kam pren\u00e1\u0161ame va\u0161e osobn\u00e9 \u00fadaje?<\/b><\/p>\n<p class=\"p7\">Osobn\u00e9 \u00fadaje m\u00f4\u017eu by\u0165 pren\u00e1\u0161an\u00e9 do tretej krajiny, a to USA, v\u00fdlu\u010dne v\u0161ak v s\u00favislosti s pou\u017e\u00edvan\u00edm slu\u017eieb Google a Meta.<\/p>\n<ol class=\"ol1\">\n<li class=\"li6\"><b>S\u0164A\u017dNOS\u0164<\/b><\/li>\n<\/ol>\n<p class=\"p7\"><b>Nie ste spokojn\u00fd?<\/b><\/p>\n<p class=\"p7\">Ak nie ste spokojn\u00fd s t\u00fdm, ako sprac\u00favame va\u0161e osobn\u00e9 \u00fadaje, m\u00f4\u017eete n\u00e1m da\u0165 o tom vedie\u0165 na e-mail info@atisadesign.com. Tie\u017e m\u00e1te mo\u017enos\u0165 poda\u0165 s\u0165a\u017enos\u0165 na \u00darad na ochranu osobn\u00fdch \u00fadajov, ak si mysl\u00edte, \u017ee va\u0161e osobn\u00e9 \u00fadaje sprac\u00favame nez\u00e1konne.<\/p>\n<p class=\"p7\">\u00darad na ochranu osobn\u00fdch \u00fadajov<\/p>\n<p class=\"p7\">Hrani\u010dn\u00e1 12, 820 07 Bratislava<\/p>\n<p class=\"p7\">E-mail: <a href=\"mailto:statny.dozor@pdp.gov.sk\"><span class=\"s3\">statny.dozor@pdp.gov.sk<\/span><\/a><\/p>\n<ol class=\"ol1\">\n<li class=\"li6\"><b>SP\u00d4SOB SPRAC\u00daVANIA OSOBN\u00ddCH \u00daDAJOV<\/b><\/li>\n<\/ol>\n<p class=\"p7\"><b>Ako sprac\u00favame va\u0161e osobn\u00e9 \u00fadaje?<\/b><\/p>\n<p class=\"p7\">Osobn\u00e9 \u00fadaje sprac\u00favame v elektronickej a listinnej forme. Nevyu\u017e\u00edvame \u017eiadne prostriedky automatizovan\u00e9ho individu\u00e1lneho rozhodovania.<\/p>\n<p class=\"p7\">Vedieme z\u00e1znamy o\u00a0v\u0161etk\u00fdch spracovate\u013esk\u00fdch \u010dinnostiach a\u00a0m\u00e1me zaveden\u00e9 potrebn\u00e9 technick\u00e9 a\u00a0organiza\u010dn\u00e9 bezpe\u010dnostn\u00e9 opatrenia na zabezpe\u010denie ochrany osobn\u00fdch \u00fadajov. Tieto opatrenia zah\u0155\u0148aj\u00fa najm\u00e4 antiv\u00edrusov\u00e9 programy, politiku siln\u00fdch hesiel a\u00a0\u0161ifrovanie. Zveren\u00e9 osobn\u00e9 \u00fadaje pravidelne z\u00e1lohujeme, aby sme ich mohli v\u00a0pr\u00edpade n\u00e1hodn\u00e9ho po\u0161kodenia alebo straty ihne\u010f obnovi\u0165. Osoby, ktor\u00e9 sprac\u00favaj\u00fa osobn\u00e9 \u00fadaje, boli pou\u010den\u00e9 a\u00a0zaviazan\u00e9 ml\u010danlivos\u0165ou. K v\u00fdberu sprostredkovate\u013eov pristupujeme ve\u013emi zodpovedne, pri\u010dom db\u00e1me na to, aby vybran\u00fd sprostredkovate\u013e n\u00e1m poskytol primeran\u00e9 z\u00e1ruky za bezpe\u010dnos\u0165 va\u0161ich osobn\u00fdch \u00fadajov.<\/p>\n<ol class=\"ol1\">\n<li class=\"li6\"><b>PR\u00c1VA DOTKNUT\u00ddCH OS\u00d4B<\/b><\/li>\n<\/ol>\n<p class=\"p7\"><b>Ak\u00e9 m\u00e1te ako dotknut\u00e1 osoba pr\u00e1va?<\/b><\/p>\n<p class=\"p7\">GDPR V\u00e1m prizn\u00e1va ur\u010dit\u00e9 pr\u00e1va, ktor\u00fdmi m\u00f4\u017eete ovplyvni\u0165, ako sprac\u00favame va\u0161e osobn\u00e9 \u00fadaje. Nie v\u0161etky pr\u00e1va v\u0161ak m\u00f4\u017eete uplatni\u0165 za ka\u017ed\u00fdch okolnost\u00ed. Treba pritom vych\u00e1dza\u0165 z\u00a0pr\u00e1vneho z\u00e1kladu sprac\u00favania osobn\u00fdch \u00fadajov.<\/p>\n<ol class=\"ol2\">\n<li class=\"li6\"><b>Pr\u00e1vo na pr\u00edstup k \u00fadajom<\/b><\/li>\n<\/ol>\n<p class=\"p17\">M\u00e1te pr\u00e1vo vedie\u0165, \u010di sprac\u00favame va\u0161e osobn\u00e9 \u00fadaje. Pokia\u013e ich sprac\u00favame, m\u00f4\u017eete n\u00e1s po\u017eiada\u0165 o\u00a0pr\u00edstup k\u00a0\u00fadajom. Na z\u00e1klade va\u0161ej \u017eiadosti vyd\u00e1me potvrdenie s\u00a0inform\u00e1ciami o\u00a0sprac\u00favan\u00ed va\u0161ich osobn\u00fdch \u00fadajov na\u0161ou spolo\u010dnos\u0165ou.<\/p>\n<ol class=\"ol2\">\n<li class=\"li6\"><b>Pr\u00e1vo na opravu<\/b><\/li>\n<\/ol>\n<p class=\"p17\">M\u00e1te pr\u00e1vo na to, aby va\u0161e osobn\u00e9 \u00fadaje, ktor\u00e9 sprac\u00favame, boli spr\u00e1vne, \u00fapln\u00e9 a\u00a0aktu\u00e1lne. Ak s\u00fa nespr\u00e1vne alebo neaktu\u00e1lne, m\u00f4\u017eete n\u00e1s po\u017eiada\u0165 o opravu alebo doplnenie. Opravu vykon\u00e1me bez zbyto\u010dn\u00e9ho odkladu s\u00a0oh\u013eadom na technick\u00e9 mo\u017enosti.<\/p>\n<ol class=\"ol2\">\n<li class=\"li6\"><b>Pr\u00e1vo na vymazanie<\/b><\/li>\n<\/ol>\n<p class=\"p17\">Za ur\u010dit\u00fdch okolnost\u00ed m\u00e1te pr\u00e1vo, aby sme va\u0161e osobn\u00e9 \u00fadaje vymazali. O\u00a0ich vymazanie n\u00e1s m\u00f4\u017eete po\u017eiada\u0165 kedyko\u013evek. Va\u0161e osobn\u00e9 \u00fadaje vyma\u017eeme, ak:<\/p>\n<ul class=\"ul1\">\n<li class=\"li6\">ich u\u017e nepotrebujeme na \u00fa\u010del, na ktor\u00fd ste n\u00e1m ich poskytli;<\/li>\n<li class=\"li6\">odvol\u00e1te svoj s\u00fahlas;<\/li>\n<li class=\"li6\">namietate vo\u010di sprac\u00favaniu svojich osobn\u00fdch \u00fadajov;<\/li>\n<li class=\"li6\">sprac\u00favame va\u0161e osobn\u00e9 \u00fadaje nez\u00e1konne;<\/li>\n<li class=\"li6\">osobn\u00e9 \u00fadaje musia by\u0165 vymazan\u00e9, aby sa t\u00fdm splnila z\u00e1konn\u00e1 povinnos\u0165;<\/li>\n<li class=\"li6\">ste die\u0165a, pr\u00edp. rodi\u010d die\u0165a\u0165a, ktor\u00e9 s\u00fahlasilo so sprac\u00favan\u00edm osobn\u00fdch \u00fadajov cez internet;<\/li>\n<\/ul>\n<ol class=\"ol2\">\n<li class=\"li6\"><b>Pr\u00e1vo na obmedzenie sprac\u00favania<\/b><\/li>\n<\/ol>\n<p class=\"p17\">M\u00f4\u017eete n\u00e1s po\u017eiada\u0165, aby sme obmedzili sprac\u00favanie va\u0161ich osobn\u00fdch \u00fadajov. Ak va\u0161ej \u017eiadosti vyhovieme, budeme va\u0161e \u00fadaje iba uchov\u00e1va\u0165 a \u010falej s nimi pracova\u0165 u\u017e nebudeme. K\u00a0obmedzeniu spracov\u00e1vania va\u0161ich \u00fadajov d\u00f4jde, ak:<\/p>\n<ul class=\"ul1\">\n<li class=\"li6\">n\u00e1m ozn\u00e1mite, \u017ee s\u00fa nespr\u00e1vne, a\u00a0to a\u017e pok\u00fdm neover\u00edme ich spr\u00e1vnos\u0165;<\/li>\n<li class=\"li6\">ich sprac\u00favame nez\u00e1konne, av\u0161ak vy nes\u00fahlas\u00edte s\u00a0ich vymazan\u00edm a\u00a0namiesto toho \u017eiadate, aby sme sprac\u00favanie va\u0161ich osobn\u00fdch \u00fadajov len obmedzili;<\/li>\n<li class=\"li6\">ich u\u017e nepotrebujeme, ale potrebujete ich vy na preuk\u00e1zanie, uplat\u0148ovanie alebo obhajovanie svojich pr\u00e1v;<\/li>\n<li class=\"li6\">namietate vo\u010di sprac\u00favaniu svojich osobn\u00fdch \u00fadajov, a\u00a0to a\u017e k\u00fdm neover\u00edme, \u010di na\u0161e opr\u00e1vnen\u00e9 z\u00e1ujmy preva\u017euj\u00fa nad va\u0161imi d\u00f4vodmi.<\/li>\n<\/ul>\n<ol class=\"ol2\">\n<li class=\"li6\"><b>Pr\u00e1vo na prenosnos\u0165 \u00fadajov<\/b><\/li>\n<\/ol>\n<p class=\"p18\">V z\u00e1konom stanoven\u00fdch pr\u00edpadoch m\u00e1te pr\u00e1vo, aby sme va\u0161e osobn\u00e9 \u00fadaje preniesli \u010fal\u0161iemu prev\u00e1dzkovate\u013eovi. T\u00fdka sa to najm\u00e4 sprac\u00favania osobn\u00fdch \u00fadajov s\u00fa s\u00fahlasom alebo za \u00fa\u010delom plnenia zmluvy, ak s\u00fa sprac\u00favan\u00e9 automatizovan\u00fdmi prostriedkami a je to technicky mo\u017en\u00e9.<\/p>\n<ol class=\"ol2\">\n<li class=\"li6\"><b>Pr\u00e1vo namieta\u0165<\/b><\/li>\n<\/ol>\n<p class=\"p18\">V\u00a0pr\u00edpadoch, ke\u010f va\u0161e osobn\u00e9 \u00fadaje sprac\u00favame na pr\u00e1vnom z\u00e1klade opr\u00e1vnen\u00e9ho z\u00e1ujmu, m\u00e1te pr\u00e1vo namieta\u0165 proti ich spracov\u00e1vaniu. Pokia\u013e nepreuk\u00e1\u017eeme, \u017ee existuje v\u00e1\u017eny opr\u00e1vnen\u00fd d\u00f4vod na ich sprac\u00favanie, ktor\u00fd preva\u017euje nad va\u0161imi z\u00e1ujmami alebo pr\u00e1vami, sprac\u00favanie osobn\u00fdch \u00fadajov sa na z\u00e1klade va\u0161ej n\u00e1mietky bez zbyto\u010dn\u00e9ho odkladu ukon\u010d\u00ed.<\/p>\n<p class=\"p17\">Va\u0161u \u017eiados\u0165, ktorou uplat\u0148ujete niektor\u00e9 z\u00a0uveden\u00fdch pr\u00e1v, n\u00e1m m\u00f4\u017eete posla\u0165 e-mailom alebo po\u0161tou na adresu uveden\u00fa vy\u0161\u0161ie. V\u0161etk\u00fdmi va\u0161imi \u017eiados\u0165ami sa budeme zaobera\u0165 a\u00a0o\u00a0v\u00fdsledku jej vybavenia v\u00e1s budeme informova\u0165 rovnak\u00fdm sp\u00f4sobom, ak\u00fdm pod\u00e1te \u017eiados\u0165.<\/p>\n<ol class=\"ol1\">\n<li class=\"li6\"><b>Z\u00c1VERE\u010cN\u00c9 USTANOVENIA<\/b><\/li>\n<\/ol>\n<p class=\"p7\">Tieto z\u00e1sady ochrany osobn\u00fdch \u00fadajov nadob\u00fadaj\u00fa platnos\u0165 d\u0148om ich zverejnenia, t.j. d\u0148a 7.10.2025. Vyhradzujeme si pr\u00e1vo tieto z\u00e1sady zmeni\u0165, ak d\u00f4jde k\u00a0zmene sprac\u00favania osobn\u00fdch \u00fadajov v\u00a0na\u0161ej spolo\u010dnosti.<\/p>\n\t<\/div>\n<\/div>\n\n\n\n\n\t\t\t<\/div> \n\t\t<\/div>\n\t<\/div> \n<\/div><\/div>","protected":false},"excerpt":{"rendered":"Z\u00e1sady ochrany osobn\u00fdch \u00fadajov Osobn\u00e9 \u00fadaje sprac\u00favame v\u00a0s\u00falade s Nariaden\u00edm Eur\u00f3pskeho parlamentu a\u00a0rady \u010d. 2016\/679 o\u00a0ochrane fyzick\u00fdch os\u00f4b pri sprac\u00favan\u00ed osobn\u00fdch \u00fadajov a\u00a0o\u00a0vo\u013enom pohybe tak\u00fdchto \u00fadajov (\u010falej len \u201eGDPR\u201c) a\u00a0z\u00e1konom...","protected":false},"author":1,"featured_media":0,"parent":0,"menu_order":0,"comment_status":"closed","ping_status":"closed","template":"","meta":{"footnotes":""},"class_list":["post-261","page","type-page","status-publish"],"yoast_head":"<!-- This site is optimized with the Yoast SEO plugin v26.1.1 - https:\/\/yoast.com\/wordpress\/plugins\/seo\/ -->\n<title>Z\u00e1sady ochrany osobn\u00fdch \u00fadajov - Atisa Design<\/title>\n<meta name=\"robots\" content=\"index, follow, max-snippet:-1, max-image-preview:large, max-video-preview:-1\" \/>\n<link rel=\"canonical\" href=\"https:\/\/www.atisadesign.com\/sk\/zasady-ochrany-osobnych-udajov\" \/>\n<meta property=\"og:locale\" content=\"sk_SK\" \/>\n<meta property=\"og:type\" content=\"article\" \/>\n<meta property=\"og:title\" content=\"Z\u00e1sady ochrany osobn\u00fdch \u00fadajov - Atisa Design\" \/>\n<meta property=\"og:url\" content=\"https:\/\/www.atisadesign.com\/sk\/zasady-ochrany-osobnych-udajov\" \/>\n<meta property=\"og:site_name\" content=\"Atisa Design\" \/>\n<meta property=\"article:modified_time\" content=\"2025-10-19T20:22:17+00:00\" \/>\n<meta name=\"twitter:card\" content=\"summary_large_image\" \/>\n<meta name=\"twitter:label1\" content=\"Predpokladan\u00fd \u010das \u010d\u00edtania\" \/>\n\t<meta name=\"twitter:data1\" content=\"11 min\u00fat\" \/>\n<script type=\"application\/ld+json\" class=\"yoast-schema-graph\">{\"@context\":\"https:\/\/schema.org\",\"@graph\":[{\"@type\":\"WebPage\",\"@id\":\"https:\/\/www.atisadesign.com\/sk\/zasady-ochrany-osobnych-udajov\",\"url\":\"https:\/\/www.atisadesign.com\/sk\/zasady-ochrany-osobnych-udajov\",\"name\":\"Z\u00e1sady ochrany osobn\u00fdch \u00fadajov - Atisa Design\",\"isPartOf\":{\"@id\":\"https:\/\/www.atisadesign.com\/#website\"},\"datePublished\":\"2025-10-15T15:07:05+00:00\",\"dateModified\":\"2025-10-19T20:22:17+00:00\",\"breadcrumb\":{\"@id\":\"https:\/\/www.atisadesign.com\/sk\/zasady-ochrany-osobnych-udajov#breadcrumb\"},\"inLanguage\":\"sk-SK\",\"potentialAction\":[{\"@type\":\"ReadAction\",\"target\":[\"https:\/\/www.atisadesign.com\/sk\/zasady-ochrany-osobnych-udajov\"]}]},{\"@type\":\"BreadcrumbList\",\"@id\":\"https:\/\/www.atisadesign.com\/sk\/zasady-ochrany-osobnych-udajov#breadcrumb\",\"itemListElement\":[{\"@type\":\"ListItem\",\"position\":1,\"name\":\"Domovsk\u00e1 str\u00e1nka\",\"item\":\"https:\/\/www.atisadesign.com\/\"},{\"@type\":\"ListItem\",\"position\":2,\"name\":\"Z\u00e1sady ochrany osobn\u00fdch \u00fadajov\"}]},{\"@type\":\"WebSite\",\"@id\":\"https:\/\/www.atisadesign.com\/#website\",\"url\":\"https:\/\/www.atisadesign.com\/\",\"name\":\"Atisa Design\",\"description\":\"Designed for places where details matter\",\"publisher\":{\"@id\":\"https:\/\/www.atisadesign.com\/#organization\"},\"potentialAction\":[{\"@type\":\"SearchAction\",\"target\":{\"@type\":\"EntryPoint\",\"urlTemplate\":\"https:\/\/www.atisadesign.com\/?s={search_term_string}\"},\"query-input\":{\"@type\":\"PropertyValueSpecification\",\"valueRequired\":true,\"valueName\":\"search_term_string\"}}],\"inLanguage\":\"sk-SK\"},{\"@type\":\"Organization\",\"@id\":\"https:\/\/www.atisadesign.com\/#organization\",\"name\":\"Atisa Design\",\"url\":\"https:\/\/www.atisadesign.com\/\",\"logo\":{\"@type\":\"ImageObject\",\"inLanguage\":\"sk-SK\",\"@id\":\"https:\/\/www.atisadesign.com\/#\/schema\/logo\/image\/\",\"url\":\"https:\/\/www.atisadesign.com\/wp-content\/uploads\/2025\/10\/Snimka-obrazovky-2025-10-31-o-11.07.48.png\",\"contentUrl\":\"https:\/\/www.atisadesign.com\/wp-content\/uploads\/2025\/10\/Snimka-obrazovky-2025-10-31-o-11.07.48.png\",\"width\":806,\"height\":190,\"caption\":\"Atisa Design\"},\"image\":{\"@id\":\"https:\/\/www.atisadesign.com\/#\/schema\/logo\/image\/\"},\"sameAs\":[\"https:\/\/www.instagram.com\/atisadesign_\/\"]}]}<\/script>\n<!-- \/ Yoast SEO plugin. -->","yoast_head_json":{"title":"Z\u00e1sady ochrany osobn\u00fdch \u00fadajov - Atisa Design","robots":{"index":"index","follow":"follow","max-snippet":"max-snippet:-1","max-image-preview":"max-image-preview:large","max-video-preview":"max-video-preview:-1"},"canonical":"https:\/\/www.atisadesign.com\/sk\/zasady-ochrany-osobnych-udajov","og_locale":"sk_SK","og_type":"article","og_title":"Z\u00e1sady ochrany osobn\u00fdch \u00fadajov - Atisa Design","og_url":"https:\/\/www.atisadesign.com\/sk\/zasady-ochrany-osobnych-udajov","og_site_name":"Atisa Design","article_modified_time":"2025-10-19T20:22:17+00:00","twitter_card":"summary_large_image","twitter_misc":{"Predpokladan\u00fd \u010das \u010d\u00edtania":"11 min\u00fat"},"schema":{"@context":"https:\/\/schema.org","@graph":[{"@type":"WebPage","@id":"https:\/\/www.atisadesign.com\/sk\/zasady-ochrany-osobnych-udajov","url":"https:\/\/www.atisadesign.com\/sk\/zasady-ochrany-osobnych-udajov","name":"Z\u00e1sady ochrany osobn\u00fdch \u00fadajov - Atisa Design","isPartOf":{"@id":"https:\/\/www.atisadesign.com\/#website"},"datePublished":"2025-10-15T15:07:05+00:00","dateModified":"2025-10-19T20:22:17+00:00","breadcrumb":{"@id":"https:\/\/www.atisadesign.com\/sk\/zasady-ochrany-osobnych-udajov#breadcrumb"},"inLanguage":"sk-SK","potentialAction":[{"@type":"ReadAction","target":["https:\/\/www.atisadesign.com\/sk\/zasady-ochrany-osobnych-udajov"]}]},{"@type":"BreadcrumbList","@id":"https:\/\/www.atisadesign.com\/sk\/zasady-ochrany-osobnych-udajov#breadcrumb","itemListElement":[{"@type":"ListItem","position":1,"name":"Domovsk\u00e1 str\u00e1nka","item":"https:\/\/www.atisadesign.com\/"},{"@type":"ListItem","position":2,"name":"Z\u00e1sady ochrany osobn\u00fdch \u00fadajov"}]},{"@type":"WebSite","@id":"https:\/\/www.atisadesign.com\/#website","url":"https:\/\/www.atisadesign.com\/","name":"Atisa Design","description":"Ur\u010den\u00fd pre miesta, kde z\u00e1le\u017e\u00ed na detailoch","publisher":{"@id":"https:\/\/www.atisadesign.com\/#organization"},"potentialAction":[{"@type":"SearchAction","target":{"@type":"EntryPoint","urlTemplate":"https:\/\/www.atisadesign.com\/?s={search_term_string}"},"query-input":{"@type":"PropertyValueSpecification","valueRequired":true,"valueName":"search_term_string"}}],"inLanguage":"sk-SK"},{"@type":"Organization","@id":"https:\/\/www.atisadesign.com\/#organization","name":"Atisa Design","url":"https:\/\/www.atisadesign.com\/","logo":{"@type":"ImageObject","inLanguage":"sk-SK","@id":"https:\/\/www.atisadesign.com\/#\/schema\/logo\/image\/","url":"https:\/\/www.atisadesign.com\/wp-content\/uploads\/2025\/10\/Snimka-obrazovky-2025-10-31-o-11.07.48.png","contentUrl":"https:\/\/www.atisadesign.com\/wp-content\/uploads\/2025\/10\/Snimka-obrazovky-2025-10-31-o-11.07.48.png","width":806,"height":190,"caption":"Atisa Design"},"image":{"@id":"https:\/\/www.atisadesign.com\/#\/schema\/logo\/image\/"},"sameAs":["https:\/\/www.instagram.com\/atisadesign_\/"]}]}},"_links":{"self":[{"href":"https:\/\/www.atisadesign.com\/sk\/wp-json\/wp\/v2\/pages\/261","targetHints":{"allow":["GET"]}}],"collection":[{"href":"https:\/\/www.atisadesign.com\/sk\/wp-json\/wp\/v2\/pages"}],"about":[{"href":"https:\/\/www.atisadesign.com\/sk\/wp-json\/wp\/v2\/types\/page"}],"author":[{"embeddable":true,"href":"https:\/\/www.atisadesign.com\/sk\/wp-json\/wp\/v2\/users\/1"}],"replies":[{"embeddable":true,"href":"https:\/\/www.atisadesign.com\/sk\/wp-json\/wp\/v2\/comments?post=261"}],"version-history":[{"count":4,"href":"https:\/\/www.atisadesign.com\/sk\/wp-json\/wp\/v2\/pages\/261\/revisions"}],"predecessor-version":[{"id":312,"href":"https:\/\/www.atisadesign.com\/sk\/wp-json\/wp\/v2\/pages\/261\/revisions\/312"}],"wp:attachment":[{"href":"https:\/\/www.atisadesign.com\/sk\/wp-json\/wp\/v2\/media?parent=261"}],"curies":[{"name":"wp","href":"https:\/\/api.w.org\/{rel}","templated":true}]}}